{"id":1996,"date":"2019-09-17T15:04:27","date_gmt":"2019-09-17T13:04:27","guid":{"rendered":"https:\/\/niceshopping.fr\/?post_type=event&#038;p=1996"},"modified":"2019-09-17T15:04:30","modified_gmt":"2019-09-17T13:04:30","slug":"wilson-en-fete","status":"publish","type":"event","link":"https:\/\/niceshopping.fr\/it\/evenement\/wilson-en-fete\/","title":{"rendered":"Wilson en F\u00eate &#8211; Festin du Quartier"},"content":{"rendered":"\n<div class=\"wp-block-columns has-2-columns is-layout-flex wp-container-core-columns-is-layout-9d6595d7 wp-block-columns-is-layout-flex\">\n<div class=\"wp-block-column is-layout-flow wp-block-column-is-layout-flow\">\n<p>Ne ratez pas l&#8217;\u00e9v\u00e8nement Wilson en f\u00eate, le <strong>samedi 21 septembre \u00e0 partir de 18h30 sur la place Wilson<\/strong>.<\/p>\n\n\n\n<p>Au programme, un festin et des animations organis\u00e9s par les commer\u00e7ants du quartier Nice Centre &#8211; Rive Droite : grillades, pizza, pissaladi\u00e8re, socca&#8230; mais \u00e9galement un Dance Floor anim\u00e9 par DJ Grace. <\/p>\n\n\n\n<p>L&#8217;entr\u00e9e est libre, et la bonne humeur assur\u00e9e !<\/p>\n\n\n\n<div class=\"wp-block-button\"><a class=\"wp-block-button__link\" href=\"https:\/\/www.facebook.com\/events\/1106127269584487\/\">L&#8217;\u00e9v\u00e8nement sur Facebook<\/a><\/div>\n<\/div>\n\n\n\n<div class=\"wp-block-column is-layout-flow wp-block-column-is-layout-flow\">\n<figure class=\"wp-block-image\"><img loading=\"lazy\" decoding=\"async\" width=\"1000\" height=\"1000\" src=\"https:\/\/niceshopping.fr\/wp-content\/uploads\/2019\/09\/wilsonenfete.jpg\" alt=\"\" class=\"wp-image-2000\" srcset=\"https:\/\/niceshopping.fr\/wp-content\/uploads\/2019\/09\/wilsonenfete.jpg 1000w, https:\/\/niceshopping.fr\/wp-content\/uploads\/2019\/09\/wilsonenfete-150x150.jpg 150w, https:\/\/niceshopping.fr\/wp-content\/uploads\/2019\/09\/wilsonenfete-300x300.jpg 300w, https:\/\/niceshopping.fr\/wp-content\/uploads\/2019\/09\/wilsonenfete-768x768.jpg 768w\" sizes=\"auto, (max-width: 1000px) 100vw, 1000px\" \/><\/figure>\n<\/div>\n<\/div>\n\n\n\n<p><\/p>\n","protected":false},"excerpt":{"rendered":"<p>Ne ratez pas l&#8217;\u00e9v\u00e8nement Wilson en f\u00eate, le samedi 21 septembre \u00e0 partir de 18h30 sur la place Wilson. Festin et Dance Floor au programme !<\/p>\n","protected":false},"author":471,"featured_media":1997,"template":"","class_list":["post-1996","event","type-event","status-publish","has-post-thumbnail","hentry"],"acf":[],"_links":{"self":[{"href":"https:\/\/niceshopping.fr\/it\/wp-json\/wp\/v2\/event\/1996","targetHints":{"allow":["GET"]}}],"collection":[{"href":"https:\/\/niceshopping.fr\/it\/wp-json\/wp\/v2\/event"}],"about":[{"href":"https:\/\/niceshopping.fr\/it\/wp-json\/wp\/v2\/types\/event"}],"author":[{"embeddable":true,"href":"https:\/\/niceshopping.fr\/it\/wp-json\/wp\/v2\/users\/471"}],"wp:featuredmedia":[{"embeddable":true,"href":"https:\/\/niceshopping.fr\/it\/wp-json\/wp\/v2\/media\/1997"}],"wp:attachment":[{"href":"https:\/\/niceshopping.fr\/it\/wp-json\/wp\/v2\/media?parent=1996"}],"curies":[{"name":"wp","href":"https:\/\/api.w.org\/{rel}","templated":true}]}}