{"id":6759,"date":"2019-11-27T11:00:04","date_gmt":"2019-11-27T10:00:04","guid":{"rendered":"https:\/\/niceshopping.fr\/?post_type=event&#038;p=6759"},"modified":"2019-11-27T11:05:40","modified_gmt":"2019-11-27T10:05:40","slug":"festival-des-arts-gourmands-et-des-metiers-dart-a-nice","status":"publish","type":"event","link":"https:\/\/niceshopping.fr\/it\/evenement\/festival-des-arts-gourmands-et-des-metiers-dart-a-nice\/","title":{"rendered":"Festival des Arts Gourmands et des Me\u0301tiers d\u2019Art \u00e0 Nice"},"content":{"rendered":"\n<p style=\"color:#0f5faf\" class=\"has-text-color\">Le samedi 30 novembre et le dimanche 1er d\u00e9cembre 2019, de 10h \u00e0 17h, venez vivre No\u00ebl avant l&#8217;heure sur l&#8217;avenue Malauss\u00e9na !<\/p>\n\n\n\n<p>Pour la 3\u00e8me ann\u00e9e, l&#8217;avenue Malauss\u00e9na accueille le Festival des Arts Gourmands et des M\u00e9tiers d&#8217;Art pour mettre \u00e0 l&#8217;honneur le savoir-faire des artisans locaux, les produits et les saveurs du Sud. <\/p>\n\n\n\n<p>Cet \u00e9v\u00e8nement authentique est aussi une occasion de red\u00e9couvrir des traditions artisanales de notre r\u00e9gion tout en profitant de la f\u00e9\u00e9rie des illuminations de No\u00ebl.<\/p>\n\n\n\n<figure class=\"wp-block-image\"><img loading=\"lazy\" decoding=\"async\" width=\"950\" height=\"474\" src=\"https:\/\/niceshopping.fr\/wp-content\/uploads\/2019\/11\/3emeeditiondufestivaldesartsgourmandsetdesmetiersdartanice.jpg\" alt=\"festival des arts gourmands et des m\u00e9tiers d'art \u00e0 nice\" class=\"wp-image-6763\" srcset=\"https:\/\/niceshopping.fr\/wp-content\/uploads\/2019\/11\/3emeeditiondufestivaldesartsgourmandsetdesmetiersdartanice.jpg 950w, https:\/\/niceshopping.fr\/wp-content\/uploads\/2019\/11\/3emeeditiondufestivaldesartsgourmandsetdesmetiersdartanice-300x150.jpg 300w, https:\/\/niceshopping.fr\/wp-content\/uploads\/2019\/11\/3emeeditiondufestivaldesartsgourmandsetdesmetiersdartanice-768x383.jpg 768w\" sizes=\"auto, (max-width: 950px) 100vw, 950px\" \/><\/figure>\n\n\n\n<h3 class=\"wp-block-heading\">Au Programme :<\/h3>\n\n\n\n<ul class=\"wp-block-list\"><li>Plus de <strong>50 stands<\/strong> : vannerie, broderie, \u00e9picerie fine, arts de la table, chocolatier, ferronnerie d\u2019Art, d\u00e9coration florale, c\u00e9ramique, verrerie, de nombreuses d\u00e9gustations sal\u00e9s et sucr\u00e9es\u2026<\/li><li><strong>Animations pour toute la famille<\/strong> : des stands de No\u00ebl, un atelier de Cuisine Ni\u00e7oise de la Ville de Nice, un atelier de masques de Carnaval, stand du Mus\u00e9e du Carnaval, un atelier bricolage pour les enfants&#8230;<\/li><li><strong>Pr\u00e9sence du P\u00e8re No\u00ebl<\/strong>, son traineau et d&#8217;un photographe sur le Parvis de la Gare du Sud.<\/li><\/ul>\n\n\n\n<p>Seront notamment pr\u00e9sents pour l&#8217;occasion, <strong>La maison de pays de Luc\u00e9ram <\/strong>avec son stand de cr\u00e8ches et santons, le groupe de jeunes musiciens &#8220;<strong>li luceramencs<\/strong>&#8221; mais aussi fifres et tambours !<\/p>\n","protected":false},"excerpt":{"rendered":"<p>Le samedi 30 novembre et le dimanche 1er d\u00e9cembre, de 10h \u00e0 17h, venez vivre No\u00ebl avant l&#8217;heure sur l&#8217;avenue Malauss\u00e9na !<\/p>\n","protected":false},"author":471,"featured_media":6760,"template":"","class_list":["post-6759","event","type-event","status-publish","has-post-thumbnail","hentry"],"acf":[],"_links":{"self":[{"href":"https:\/\/niceshopping.fr\/it\/wp-json\/wp\/v2\/event\/6759","targetHints":{"allow":["GET"]}}],"collection":[{"href":"https:\/\/niceshopping.fr\/it\/wp-json\/wp\/v2\/event"}],"about":[{"href":"https:\/\/niceshopping.fr\/it\/wp-json\/wp\/v2\/types\/event"}],"author":[{"embeddable":true,"href":"https:\/\/niceshopping.fr\/it\/wp-json\/wp\/v2\/users\/471"}],"wp:featuredmedia":[{"embeddable":true,"href":"https:\/\/niceshopping.fr\/it\/wp-json\/wp\/v2\/media\/6760"}],"wp:attachment":[{"href":"https:\/\/niceshopping.fr\/it\/wp-json\/wp\/v2\/media?parent=6759"}],"curies":[{"name":"wp","href":"https:\/\/api.w.org\/{rel}","templated":true}]}}